{"id":119,"date":"2018-01-16T18:35:52","date_gmt":"2018-01-16T18:35:52","guid":{"rendered":"http:\/\/temp.kita-lisa.de\/?page_id=119"},"modified":"2023-12-12T13:01:13","modified_gmt":"2023-12-12T11:01:13","slug":"impressum","status":"publish","type":"page","link":"https:\/\/hort-friedolin.de\/?page_id=119","title":{"rendered":"Impressum"},"content":{"rendered":"<p><strong>Verantwortlich als Urheber und Herausgeber<\/strong><\/p>\n<p>Landeshauptstadt Dresden<br \/>\n&#8211; Der Oberb\u00fcrgermeister &#8211;<\/p>\n<p>Eigenbetrieb Kindertageseinrichtungen Dresden<br \/>\nHort Friedrichstra\u00dfe 34&nbsp; mit Au\u00dfenstelle in der&nbsp;Seminarstra\u00dfe 11a<\/p>\n<p>Betriebsleiterin: Sabine Bibas<br \/>\nAmtsgericht Dresden, HRA 6925<\/p>\n<p>Die Landeshauptstadt Dresden ist eine K\u00f6rperschaft des \u00d6ffentlichen Rechts.<br \/>\nUmsatzsteuer-Identifikationsnummer gem\u00e4\u00df \u00a7 27a Umsatzsteuergesetz: DE 140135127<\/p>\n<p><strong>Bildrechte<\/strong><\/p>\n<p>Urheber der Fotos: Silke Heinitz-Schulz<\/p>\n<p><strong>Layout und Umsetzung<\/strong><\/p>\n<p>Annett Reichel, Dresden<br \/>\nwww.annett-reichel.de<\/p>\n<p>WordPress-Theme:&nbsp;Catch Responsive (von Catch Themes)<\/p>\n<p><strong>Haftungsausschluss<\/strong><\/p>\n<p>Wir bem\u00fchen uns, auf dieser Website richtige und vollst\u00e4ndige Informationen zur Verf\u00fcgung zu stellen. Wir \u00fcbernehmen jedoch keine Haftung oder Garantie f\u00fcr die Aktualit\u00e4t, Richtigkeit oder Vollst\u00e4ndigkeit der auf dieser Seite bereitgestellten Informationen. Dies gilt auch f\u00fcr alle Verbindungen (Hyperlinks), auf die diese Website direkt oder indirekt verweist. Wir sind f\u00fcr den Inhalt einer Seite, die mit einem solchen Link erreicht wird, nicht verantwortlich.<\/p>\n<p>&nbsp;<\/p>\n","protected":false},"excerpt":{"rendered":"<p>Verantwortlich als Urheber und Herausgeber Landeshauptstadt Dresden &#8211; Der Oberb\u00fcrgermeister &#8211; Eigenbetrieb Kindertageseinrichtungen Dresden Hort Friedrichstra\u00dfe 34&nbsp; mit Au\u00dfenstelle in der&nbsp;Seminarstra\u00dfe 11a Betriebsleiterin: Sabine Bibas Amtsgericht Dresden, HRA 6925 Die Landeshauptstadt Dresden ist eine K\u00f6rperschaft des \u00d6ffentlichen Rechts. Umsatzsteuer-Identifikationsnummer gem\u00e4\u00df \u00a7 27a Umsatzsteuergesetz: DE 140135127 Bildrechte Urheber der Fotos: Silke Heinitz-Schulz Layout und Umsetzung Annett <a class=\"more-link\" href=\"https:\/\/hort-friedolin.de\/?page_id=119\">weiterlesen&#8230;<\/a><\/p>\n","protected":false},"author":1,"featured_media":0,"parent":0,"menu_order":0,"comment_status":"closed","ping_status":"closed","template":"","meta":{"footnotes":""},"class_list":["post-119","page","type-page","status-publish","hentry"],"_links":{"self":[{"href":"https:\/\/hort-friedolin.de\/index.php?rest_route=\/wp\/v2\/pages\/119","targetHints":{"allow":["GET"]}}],"collection":[{"href":"https:\/\/hort-friedolin.de\/index.php?rest_route=\/wp\/v2\/pages"}],"about":[{"href":"https:\/\/hort-friedolin.de\/index.php?rest_route=\/wp\/v2\/types\/page"}],"author":[{"embeddable":true,"href":"https:\/\/hort-friedolin.de\/index.php?rest_route=\/wp\/v2\/users\/1"}],"replies":[{"embeddable":true,"href":"https:\/\/hort-friedolin.de\/index.php?rest_route=%2Fwp%2Fv2%2Fcomments&post=119"}],"version-history":[{"count":9,"href":"https:\/\/hort-friedolin.de\/index.php?rest_route=\/wp\/v2\/pages\/119\/revisions"}],"predecessor-version":[{"id":1638,"href":"https:\/\/hort-friedolin.de\/index.php?rest_route=\/wp\/v2\/pages\/119\/revisions\/1638"}],"wp:attachment":[{"href":"https:\/\/hort-friedolin.de\/index.php?rest_route=%2Fwp%2Fv2%2Fmedia&parent=119"}],"curies":[{"name":"wp","href":"https:\/\/api.w.org\/{rel}","templated":true}]}}